{"id":6266,"date":"2021-03-31T20:44:34","date_gmt":"2021-04-01T01:44:34","guid":{"rendered":"https:\/\/inpacta.org\/inpavac\/?page_id=6266"},"modified":"2025-10-21T16:11:59","modified_gmt":"2025-10-21T21:11:59","slug":"congresos","status":"publish","type":"page","link":"https:\/\/inpacta.org\/inpavac\/inicio\/congresos\/","title":{"rendered":"Congresos"},"content":{"rendered":"\t\t<div data-elementor-type=\"wp-page\" data-elementor-id=\"6266\" class=\"elementor elementor-6266\">\n\t\t\t\t\t\t<section class=\"elementor-section elementor-top-section elementor-element elementor-element-d3bfc59 elementor-section-boxed elementor-section-height-default elementor-section-height-default\" data-id=\"d3bfc59\" data-element_type=\"section\">\n\t\t\t\t\t\t<div class=\"elementor-container elementor-column-gap-default\">\n\t\t\t\t\t<div class=\"elementor-column elementor-col-100 elementor-top-column elementor-element elementor-element-f2aa76f\" data-id=\"f2aa76f\" data-element_type=\"column\">\n\t\t\t<div class=\"elementor-widget-wrap\">\n\t\t\t\t\t\t\t<\/div>\n\t\t<\/div>\n\t\t\t\t\t<\/div>\n\t\t<\/section>\n\t\t\t\t<section class=\"elementor-section elementor-top-section elementor-element elementor-element-a6f0888 elementor-section-boxed elementor-section-height-default elementor-section-height-default\" data-id=\"a6f0888\" data-element_type=\"section\">\n\t\t\t\t\t\t<div class=\"elementor-container elementor-column-gap-default\">\n\t\t\t\t\t<div class=\"elementor-column elementor-col-100 elementor-top-column elementor-element elementor-element-3eb8c50\" data-id=\"3eb8c50\" data-element_type=\"column\">\n\t\t\t<div class=\"elementor-widget-wrap elementor-element-populated\">\n\t\t\t\t\t\t<div class=\"elementor-element elementor-element-07a6313 elementor-widget elementor-widget-elementskit-blog-posts\" data-id=\"07a6313\" data-element_type=\"widget\" data-widget_type=\"elementskit-blog-posts.default\">\n\t\t\t\t<div class=\"elementor-widget-container\">\n\t\t\t\t\t<div class=\"ekit-wid-con\" >        <div id=\"post-items--07a6313\" class=\"row post-items\">\n                    <div class=\"col-md-12\">\n\n                                    <div class=\"elementskit-blog-block-post\">\n                        <div class=\"row no-gutters\">\n                            \n                            <div class=\"col-md-12 order-2\">\n                                <div class=\"elementskit-post-body \">\n                                    <div class=\"elementskit-entry-header\">\n                                        \n                                                                                            \t\t\t\t\t                                            \n                                            \n                                                                                            \t\t\t\t<h2 class=\"entry-title\">\n\t\t\t\t\t<a href=\"https:\/\/inpacta.org\/inpavac\/v_sds_charla_de_cierre\/\">\n\t\t\t\t\t\tV Semana del Sonido, Lima 2026\t\t\t\t\t<\/a>\n\t\t\t\t<\/h2>\n\t\t\t                                                                                <\/div><!-- .elementskit-entry-header END -->\n\n                                                                            <div class=\"elementskit-post-footer\">\n                                                                                            <p>Del 7 al 9 de mayo del 2026 el Instituto de Ac\u00fastica y Vibroac\u00fastica del Per\u00fa realizar\u00e1 la sexta Expo Ac\u00fastica, feria de materiales y productos ac\u00fasticos cuya primera edici\u00f3n fue en el 2001, junto a la quinta \u00abSemana del Sonido\u00bb que venimos celebrando desde el 2020.<\/p>\n                                                                                                                                <\/div><!-- .elementskit-post-footer END -->\n                                                                    <\/div><!-- .elementskit-post-body END -->\n                            <\/div>\n                        <\/div>\n                    <\/div><!-- .elementskit-blog-block-post .radius .gradient-bg END -->\n                \n            <\/div>\n                    <div class=\"col-md-12\">\n\n                                    <div class=\"elementskit-blog-block-post\">\n                        <div class=\"row no-gutters\">\n                            \n                            <div class=\"col-md-12 order-2\">\n                                <div class=\"elementskit-post-body \">\n                                    <div class=\"elementskit-entry-header\">\n                                        \n                                                                                            \t\t\t\t\t                                            \n                                            \n                                                                                            \t\t\t\t<h2 class=\"entry-title\">\n\t\t\t\t\t<a href=\"https:\/\/inpacta.org\/inpavac\/v-semana-del-sonido\/\">\n\t\t\t\t\t\tV Semana del Sonido\t\t\t\t\t<\/a>\n\t\t\t\t<\/h2>\n\t\t\t                                                                                <\/div><!-- .elementskit-entry-header END -->\n\n                                                                            <div class=\"elementskit-post-footer\">\n                                                                                            <p>Del 7 al 9 de mayo del 2026 el Instituto de Ac\u00fastica y Vibroac\u00fastica del Per\u00fa realizar\u00e1 la sexta Expo Ac\u00fastica, feria de materiales y productos ac\u00fasticos cuya primera edici\u00f3n fue en el 2001, junto a la quinta \u00abSemana del Sonido\u00bb que venimos celebrando desde el 2020.<\/p>\n                                                                                                                                <\/div><!-- .elementskit-post-footer END -->\n                                                                    <\/div><!-- .elementskit-post-body END -->\n                            <\/div>\n                        <\/div>\n                    <\/div><!-- .elementskit-blog-block-post .radius .gradient-bg END -->\n                \n            <\/div>\n                    <div class=\"col-md-12\">\n\n                                    <div class=\"elementskit-blog-block-post\">\n                        <div class=\"row no-gutters\">\n                            \n                            <div class=\"col-md-12 order-2\">\n                                <div class=\"elementskit-post-body \">\n                                    <div class=\"elementskit-entry-header\">\n                                        \n                                                                                            \t\t\t\t\t                                            \n                                            \n                                                                                            \t\t\t\t<h2 class=\"entry-title\">\n\t\t\t\t\t<a href=\"https:\/\/inpacta.org\/inpavac\/paisajes-sonoros-y-visuales\/\">\n\t\t\t\t\t\tV Semana del Sonido &#8211; Paisajes Sonoros y Visuales\t\t\t\t\t<\/a>\n\t\t\t\t<\/h2>\n\t\t\t                                                                                <\/div><!-- .elementskit-entry-header END -->\n\n                                                                            <div class=\"elementskit-post-footer\">\n                                                                                            <p>Del 7 al 9 de mayo del 2026 el Instituto de Ac\u00fastica y Vibroac\u00fastica del Per\u00fa realizar\u00e1 la sexta Expo Ac\u00fastica, feria de materiales y productos ac\u00fasticos cuya primera edici\u00f3n fue en el 2001, junto a la quinta \u00abSemana del Sonido\u00bb que venimos celebrando desde el 2020.<\/p>\n                                                                                                                                <\/div><!-- .elementskit-post-footer END -->\n                                                                    <\/div><!-- .elementskit-post-body END -->\n                            <\/div>\n                        <\/div>\n                    <\/div><!-- .elementskit-blog-block-post .radius .gradient-bg END -->\n                \n            <\/div>\n                    <div class=\"col-md-12\">\n\n                                    <div class=\"elementskit-blog-block-post\">\n                        <div class=\"row no-gutters\">\n                            \n                            <div class=\"col-md-12 order-2\">\n                                <div class=\"elementskit-post-body \">\n                                    <div class=\"elementskit-entry-header\">\n                                        \n                                                                                            \t\t\t\t\t                                            \n                                            \n                                                                                            \t\t\t\t<h2 class=\"entry-title\">\n\t\t\t\t\t<a href=\"https:\/\/inpacta.org\/inpavac\/vi-expo-acustica-v-semana-del-sonido\/\">\n\t\t\t\t\t\tVI Expo Ac\u00fastica \u2013 V Semana del Sonido\t\t\t\t\t<\/a>\n\t\t\t\t<\/h2>\n\t\t\t                                                                                <\/div><!-- .elementskit-entry-header END -->\n\n                                                                            <div class=\"elementskit-post-footer\">\n                                                                                            <p>Del 7 al 9 de mayo del 2026 el Instituto de Ac\u00fastica y Vibroac\u00fastica del Per\u00fa realizar\u00e1 la sexta Expo Ac\u00fastica, feria de materiales y productos ac\u00fasticos cuya primera edici\u00f3n fue en el 2001, junto a la quinta \u00abSemana del Sonido\u00bb que venimos celebrando desde el 2020.<\/p>\n                                                                                                                                <\/div><!-- .elementskit-post-footer END -->\n                                                                    <\/div><!-- .elementskit-post-body END -->\n                            <\/div>\n                        <\/div>\n                    <\/div><!-- .elementskit-blog-block-post .radius .gradient-bg END -->\n                \n            <\/div>\n                    <div class=\"col-md-12\">\n\n                                    <div class=\"elementskit-blog-block-post\">\n                        <div class=\"row no-gutters\">\n                                                            <div class=\"col-md-6 order-1\">\n                                    <a href=\"https:\/\/inpacta.org\/inpavac\/2-simposio-regional-de-acustica-lima-2025-martes-25-de-noviembre-de-0900-h-a-1500-h-instituto-de-acustica-y-vibroacustica-de-peru-en-cc-de-la-asociacion-peruano-japonesa-apj\/\" class=\"elementskit-entry-thumb\">\n                                        <img decoding=\"async\" src=\"https:\/\/inpacta.org\/inpavac\/wp-content\/uploads\/2025\/10\/logo-2do-simposio-regional-de-acustica-lima-peru-2025-inpavac-b.png\" alt=\"2\u00b0 Simposio Regional de Ac\u00fastica, Lima 2025 Martes 25 de noviembre de 09:00 h a 15:00 h Instituto de Ac\u00fastica y Vibroac\u00fastica de Per\u00fa En CC de la Asociaci\u00f3n Peruano Japonesa (APJ)\">\n                                    <\/a><!-- .elementskit-entry-thumb END -->\n                                <\/div>\n                            \n                            <div class=\"col-md-6 order-2\">\n                                <div class=\"elementskit-post-body \">\n                                    <div class=\"elementskit-entry-header\">\n                                        \n                                                                                            \t\t\t\t\t                                            \n                                            \n                                                                                            \t\t\t\t<h2 class=\"entry-title\">\n\t\t\t\t\t<a href=\"https:\/\/inpacta.org\/inpavac\/2-simposio-regional-de-acustica-lima-2025-martes-25-de-noviembre-de-0900-h-a-1500-h-instituto-de-acustica-y-vibroacustica-de-peru-en-cc-de-la-asociacion-peruano-japonesa-apj\/\">\n\t\t\t\t\t\t2\u00b0 Simposio Regional de Ac\u00fastica, Lima 2025 Martes 25 de noviembre de 09:00 h a 15:00 h Instituto de Ac\u00fastica y Vibroac\u00fastica de Per\u00fa En CC de la Asociaci\u00f3n Peruano Japonesa (APJ)\t\t\t\t\t<\/a>\n\t\t\t\t<\/h2>\n\t\t\t                                                                                <\/div><!-- .elementskit-entry-header END -->\n\n                                                                            <div class=\"elementskit-post-footer\">\n                                                                                            <p>Continuando la experiencia del 1\u00b0 Simposio Regional de Ac\u00fastica realizado en diciembre del 2021, el martes 25 de noviembre entre las 09:00 h y 15:00 h, el Instituto de Ac\u00fastica y Vibroac\u00fastica del Per\u00fa-INPAVAC, realizar\u00e1 el 2\u00b0 Simposio Regional de Ac\u00fastica, Lima 2025. Ser\u00e1 de formato h\u00edbrido desde el Aulaflex A501, de la sede San Isidro de la UPC. Las ponencias ser\u00e1n sincr\u00f3nicas con p\u00fablico presente en Lima, que se transmitir\u00e1n en simult\u00e1neo a distintos pa\u00edses.<\/p>\n                                                                                                                                <\/div><!-- .elementskit-post-footer END -->\n                                                                    <\/div><!-- .elementskit-post-body END -->\n                            <\/div>\n                        <\/div>\n                    <\/div><!-- .elementskit-blog-block-post .radius .gradient-bg END -->\n                \n            <\/div>\n                    <div class=\"col-md-12\">\n\n                                    <div class=\"elementskit-blog-block-post\">\n                        <div class=\"row no-gutters\">\n                                                            <div class=\"col-md-6 order-1\">\n                                    <a href=\"https:\/\/inpacta.org\/inpavac\/22-semana-del-sonido-2025-los-retos-sociales-del-sonido\/\" class=\"elementskit-entry-thumb\">\n                                        <img decoding=\"async\" src=\"https:\/\/inpacta.org\/inpavac\/wp-content\/uploads\/2025\/01\/SDS_affiche_2025-v3b.png\" alt=\"22\u00b0 Semana del sonido, 2025 \u00abLos retos sociales del sonido\u00bb\">\n                                    <\/a><!-- .elementskit-entry-thumb END -->\n                                <\/div>\n                            \n                            <div class=\"col-md-6 order-2\">\n                                <div class=\"elementskit-post-body \">\n                                    <div class=\"elementskit-entry-header\">\n                                        \n                                                                                            \t\t\t\t\t                                            \n                                            \n                                                                                            \t\t\t\t<h2 class=\"entry-title\">\n\t\t\t\t\t<a href=\"https:\/\/inpacta.org\/inpavac\/22-semana-del-sonido-2025-los-retos-sociales-del-sonido\/\">\n\t\t\t\t\t\t22\u00b0 Semana del sonido, 2025 \u00abLos retos sociales del sonido\u00bb\t\t\t\t\t<\/a>\n\t\t\t\t<\/h2>\n\t\t\t                                                                                <\/div><!-- .elementskit-entry-header END -->\n\n                                                                            <div class=\"elementskit-post-footer\">\n                                                                                            <p>El Instituto de Ac\u00fastica y Vibroac\u00fastica del Per\u00fa<br \/>\nINPAVAC, inaugurar\u00e1 el<br \/>\nLaboratorio Ac\u00fastico Arq. Roberto S. Wakeham,<br \/>\ncon la apertura de una c\u00e1mara de reverberaci\u00f3n,<br \/>\nsala para ensayos de absorci\u00f3n de materiales,<br \/>\nArq. Luis \u2018Cartucho\u2019 Mir\u00f3 Quesada Garland<\/p>\n                                                                                                                                <\/div><!-- .elementskit-post-footer END -->\n                                                                    <\/div><!-- .elementskit-post-body END -->\n                            <\/div>\n                        <\/div>\n                    <\/div><!-- .elementskit-blog-block-post .radius .gradient-bg END -->\n                \n            <\/div>\n                <\/div>\n       <\/div>\t\t\t\t<\/div>\n\t\t\t\t<\/div>\n\t\t\t\t\t<\/div>\n\t\t<\/div>\n\t\t\t\t\t<\/div>\n\t\t<\/section>\n\t\t\t\t<section class=\"elementor-section elementor-top-section elementor-element elementor-element-b832b63 elementor-section-boxed elementor-section-height-default elementor-section-height-default\" data-id=\"b832b63\" data-element_type=\"section\">\n\t\t\t\t\t\t<div class=\"elementor-container elementor-column-gap-default\">\n\t\t\t\t\t<div class=\"elementor-column elementor-col-100 elementor-top-column elementor-element elementor-element-4fc85ec\" data-id=\"4fc85ec\" data-element_type=\"column\">\n\t\t\t<div class=\"elementor-widget-wrap elementor-element-populated\">\n\t\t\t\t\t\t<div class=\"elementor-element elementor-element-47f4496 elementor-button-warning elementor-align-center elementor-widget elementor-widget-button\" data-id=\"47f4496\" data-element_type=\"widget\" data-widget_type=\"button.default\">\n\t\t\t\t<div class=\"elementor-widget-container\">\n\t\t\t\t\t\t\t\t\t<div class=\"elementor-button-wrapper\">\n\t\t\t\t\t<a class=\"elementor-button elementor-button-link elementor-size-sm\" href=\"https:\/\/inpacta.org\/inpavac\/inicio\/congresos-anteriores\/\">\n\t\t\t\t\t\t<span class=\"elementor-button-content-wrapper\">\n\t\t\t\t\t\t\t\t\t<span class=\"elementor-button-text\">Ver Eventos Anteriores<\/span>\n\t\t\t\t\t<\/span>\n\t\t\t\t\t<\/a>\n\t\t\t\t<\/div>\n\t\t\t\t\t\t\t\t<\/div>\n\t\t\t\t<\/div>\n\t\t\t\t\t<\/div>\n\t\t<\/div>\n\t\t\t\t\t<\/div>\n\t\t<\/section>\n\t\t\t\t<\/div>\n\t\t","protected":false},"excerpt":{"rendered":"<p>D\u00eda internacional de conciencia sobre el ruido \u2013 25-30 de abril. Lima, Per\u00fa-2022 El D\u00eda internacional de concientizaci\u00f3n sobre el ruido (INAD) fue establecido por el Centro de Audici\u00f3n y Comunicaci\u00f3n (CHC) de los EEUU, para crear conciencia sobre los efectos nocivos del ruido en la audici\u00f3n\u2026 Semana del Sonido \u2013 24-28 de enero. Lima, [&hellip;]<\/p>\n","protected":false},"author":1,"featured_media":8584,"parent":612,"menu_order":0,"comment_status":"closed","ping_status":"closed","template":"template\/full-width-template.php","meta":{"footnotes":""},"class_list":["post-6266","page","type-page","status-publish","has-post-thumbnail","hentry"],"yoast_head":"<!-- This site is optimized with the Yoast SEO plugin v26.0 - https:\/\/yoast.com\/wordpress\/plugins\/seo\/ -->\n<title>Congresos - Inpavac<\/title>\n<meta name=\"description\" content=\"El martes 25 de noviembre se realizar\u00e1 el 2\u00b0 Simposio Regional de Ac\u00fastica, Lima 2025. . Desde el Aulaflex A501, sede San Isidro de la UPC\" \/>\n<meta name=\"robots\" content=\"index, follow, max-snippet:-1, max-image-preview:large, max-video-preview:-1\" \/>\n<link rel=\"canonical\" href=\"https:\/\/inpacta.org\/inpavac\/inicio\/congresos\/\" \/>\n<meta property=\"og:locale\" content=\"es_ES\" \/>\n<meta property=\"og:type\" content=\"article\" \/>\n<meta property=\"og:title\" content=\"Congresos - Inpavac\" \/>\n<meta property=\"og:description\" content=\"El martes 25 de noviembre se realizar\u00e1 el 2\u00b0 Simposio Regional de Ac\u00fastica, Lima 2025. . Desde el Aulaflex A501, sede San Isidro de la UPC\" \/>\n<meta property=\"og:url\" content=\"https:\/\/inpacta.org\/inpavac\/inicio\/congresos\/\" \/>\n<meta property=\"og:site_name\" content=\"Inpavac\" \/>\n<meta property=\"article:modified_time\" content=\"2025-10-21T21:11:59+00:00\" \/>\n<meta property=\"og:image\" content=\"https:\/\/inpacta.org\/inpavac\/wp-content\/uploads\/2025\/10\/logo-2do-simposio-regional-de-acustica-lima-peru-2025-inpavac-b.png\" \/>\n\t<meta property=\"og:image:width\" content=\"325\" \/>\n\t<meta property=\"og:image:height\" content=\"200\" \/>\n\t<meta property=\"og:image:type\" content=\"image\/png\" \/>\n<meta name=\"twitter:card\" content=\"summary_large_image\" \/>\n<meta name=\"twitter:label1\" content=\"Tiempo de lectura\" \/>\n\t<meta name=\"twitter:data1\" content=\"2 minutos\" \/>\n<script type=\"application\/ld+json\" class=\"yoast-schema-graph\">{\"@context\":\"https:\/\/schema.org\",\"@graph\":[{\"@type\":\"WebPage\",\"@id\":\"https:\/\/inpacta.org\/inpavac\/inicio\/congresos\/\",\"url\":\"https:\/\/inpacta.org\/inpavac\/inicio\/congresos\/\",\"name\":\"Congresos - Inpavac\",\"isPartOf\":{\"@id\":\"https:\/\/inpacta.org\/inpavac\/#website\"},\"primaryImageOfPage\":{\"@id\":\"https:\/\/inpacta.org\/inpavac\/inicio\/congresos\/#primaryimage\"},\"image\":{\"@id\":\"https:\/\/inpacta.org\/inpavac\/inicio\/congresos\/#primaryimage\"},\"thumbnailUrl\":\"https:\/\/inpacta.org\/inpavac\/wp-content\/uploads\/2025\/10\/logo-2do-simposio-regional-de-acustica-lima-peru-2025-inpavac-b.png\",\"datePublished\":\"2021-04-01T01:44:34+00:00\",\"dateModified\":\"2025-10-21T21:11:59+00:00\",\"description\":\"El martes 25 de noviembre se realizar\u00e1 el 2\u00b0 Simposio Regional de Ac\u00fastica, Lima 2025. . Desde el Aulaflex A501, sede San Isidro de la UPC\",\"breadcrumb\":{\"@id\":\"https:\/\/inpacta.org\/inpavac\/inicio\/congresos\/#breadcrumb\"},\"inLanguage\":\"es\",\"potentialAction\":[{\"@type\":\"ReadAction\",\"target\":[\"https:\/\/inpacta.org\/inpavac\/inicio\/congresos\/\"]}]},{\"@type\":\"ImageObject\",\"inLanguage\":\"es\",\"@id\":\"https:\/\/inpacta.org\/inpavac\/inicio\/congresos\/#primaryimage\",\"url\":\"https:\/\/inpacta.org\/inpavac\/wp-content\/uploads\/2025\/10\/logo-2do-simposio-regional-de-acustica-lima-peru-2025-inpavac-b.png\",\"contentUrl\":\"https:\/\/inpacta.org\/inpavac\/wp-content\/uploads\/2025\/10\/logo-2do-simposio-regional-de-acustica-lima-peru-2025-inpavac-b.png\",\"width\":325,\"height\":200,\"caption\":\"logo 2do simposio regional de acustica lima peru 2025 inpavac b\"},{\"@type\":\"BreadcrumbList\",\"@id\":\"https:\/\/inpacta.org\/inpavac\/inicio\/congresos\/#breadcrumb\",\"itemListElement\":[{\"@type\":\"ListItem\",\"position\":1,\"name\":\"Portada\",\"item\":\"https:\/\/inpacta.org\/inpavac\/\"},{\"@type\":\"ListItem\",\"position\":2,\"name\":\"inicio\",\"item\":\"https:\/\/inpacta.org\/inpavac\/\"},{\"@type\":\"ListItem\",\"position\":3,\"name\":\"Congresos\"}]},{\"@type\":\"WebSite\",\"@id\":\"https:\/\/inpacta.org\/inpavac\/#website\",\"url\":\"https:\/\/inpacta.org\/inpavac\/\",\"name\":\"Inpavac\",\"description\":\"Instituto para el acondicionamiento, conservaci\u00f3ny desarrollo territorial\",\"potentialAction\":[{\"@type\":\"SearchAction\",\"target\":{\"@type\":\"EntryPoint\",\"urlTemplate\":\"https:\/\/inpacta.org\/inpavac\/?s={search_term_string}\"},\"query-input\":{\"@type\":\"PropertyValueSpecification\",\"valueRequired\":true,\"valueName\":\"search_term_string\"}}],\"inLanguage\":\"es\"}]}<\/script>\n<!-- \/ Yoast SEO plugin. -->","yoast_head_json":{"title":"Congresos - Inpavac","description":"El martes 25 de noviembre se realizar\u00e1 el 2\u00b0 Simposio Regional de Ac\u00fastica, Lima 2025. . Desde el Aulaflex A501, sede San Isidro de la UPC","robots":{"index":"index","follow":"follow","max-snippet":"max-snippet:-1","max-image-preview":"max-image-preview:large","max-video-preview":"max-video-preview:-1"},"canonical":"https:\/\/inpacta.org\/inpavac\/inicio\/congresos\/","og_locale":"es_ES","og_type":"article","og_title":"Congresos - Inpavac","og_description":"El martes 25 de noviembre se realizar\u00e1 el 2\u00b0 Simposio Regional de Ac\u00fastica, Lima 2025. . Desde el Aulaflex A501, sede San Isidro de la UPC","og_url":"https:\/\/inpacta.org\/inpavac\/inicio\/congresos\/","og_site_name":"Inpavac","article_modified_time":"2025-10-21T21:11:59+00:00","og_image":[{"width":325,"height":200,"url":"https:\/\/inpacta.org\/inpavac\/wp-content\/uploads\/2025\/10\/logo-2do-simposio-regional-de-acustica-lima-peru-2025-inpavac-b.png","type":"image\/png"}],"twitter_card":"summary_large_image","twitter_misc":{"Tiempo de lectura":"2 minutos"},"schema":{"@context":"https:\/\/schema.org","@graph":[{"@type":"WebPage","@id":"https:\/\/inpacta.org\/inpavac\/inicio\/congresos\/","url":"https:\/\/inpacta.org\/inpavac\/inicio\/congresos\/","name":"Congresos - Inpavac","isPartOf":{"@id":"https:\/\/inpacta.org\/inpavac\/#website"},"primaryImageOfPage":{"@id":"https:\/\/inpacta.org\/inpavac\/inicio\/congresos\/#primaryimage"},"image":{"@id":"https:\/\/inpacta.org\/inpavac\/inicio\/congresos\/#primaryimage"},"thumbnailUrl":"https:\/\/inpacta.org\/inpavac\/wp-content\/uploads\/2025\/10\/logo-2do-simposio-regional-de-acustica-lima-peru-2025-inpavac-b.png","datePublished":"2021-04-01T01:44:34+00:00","dateModified":"2025-10-21T21:11:59+00:00","description":"El martes 25 de noviembre se realizar\u00e1 el 2\u00b0 Simposio Regional de Ac\u00fastica, Lima 2025. . Desde el Aulaflex A501, sede San Isidro de la UPC","breadcrumb":{"@id":"https:\/\/inpacta.org\/inpavac\/inicio\/congresos\/#breadcrumb"},"inLanguage":"es","potentialAction":[{"@type":"ReadAction","target":["https:\/\/inpacta.org\/inpavac\/inicio\/congresos\/"]}]},{"@type":"ImageObject","inLanguage":"es","@id":"https:\/\/inpacta.org\/inpavac\/inicio\/congresos\/#primaryimage","url":"https:\/\/inpacta.org\/inpavac\/wp-content\/uploads\/2025\/10\/logo-2do-simposio-regional-de-acustica-lima-peru-2025-inpavac-b.png","contentUrl":"https:\/\/inpacta.org\/inpavac\/wp-content\/uploads\/2025\/10\/logo-2do-simposio-regional-de-acustica-lima-peru-2025-inpavac-b.png","width":325,"height":200,"caption":"logo 2do simposio regional de acustica lima peru 2025 inpavac b"},{"@type":"BreadcrumbList","@id":"https:\/\/inpacta.org\/inpavac\/inicio\/congresos\/#breadcrumb","itemListElement":[{"@type":"ListItem","position":1,"name":"Portada","item":"https:\/\/inpacta.org\/inpavac\/"},{"@type":"ListItem","position":2,"name":"inicio","item":"https:\/\/inpacta.org\/inpavac\/"},{"@type":"ListItem","position":3,"name":"Congresos"}]},{"@type":"WebSite","@id":"https:\/\/inpacta.org\/inpavac\/#website","url":"https:\/\/inpacta.org\/inpavac\/","name":"Inpavac","description":"Instituto para el acondicionamiento, conservaci\u00f3ny desarrollo territorial","potentialAction":[{"@type":"SearchAction","target":{"@type":"EntryPoint","urlTemplate":"https:\/\/inpacta.org\/inpavac\/?s={search_term_string}"},"query-input":{"@type":"PropertyValueSpecification","valueRequired":true,"valueName":"search_term_string"}}],"inLanguage":"es"}]}},"_links":{"self":[{"href":"https:\/\/inpacta.org\/inpavac\/wp-json\/wp\/v2\/pages\/6266","targetHints":{"allow":["GET"]}}],"collection":[{"href":"https:\/\/inpacta.org\/inpavac\/wp-json\/wp\/v2\/pages"}],"about":[{"href":"https:\/\/inpacta.org\/inpavac\/wp-json\/wp\/v2\/types\/page"}],"author":[{"embeddable":true,"href":"https:\/\/inpacta.org\/inpavac\/wp-json\/wp\/v2\/users\/1"}],"replies":[{"embeddable":true,"href":"https:\/\/inpacta.org\/inpavac\/wp-json\/wp\/v2\/comments?post=6266"}],"version-history":[{"count":40,"href":"https:\/\/inpacta.org\/inpavac\/wp-json\/wp\/v2\/pages\/6266\/revisions"}],"predecessor-version":[{"id":8792,"href":"https:\/\/inpacta.org\/inpavac\/wp-json\/wp\/v2\/pages\/6266\/revisions\/8792"}],"up":[{"embeddable":true,"href":"https:\/\/inpacta.org\/inpavac\/wp-json\/wp\/v2\/pages\/612"}],"wp:featuredmedia":[{"embeddable":true,"href":"https:\/\/inpacta.org\/inpavac\/wp-json\/wp\/v2\/media\/8584"}],"wp:attachment":[{"href":"https:\/\/inpacta.org\/inpavac\/wp-json\/wp\/v2\/media?parent=6266"}],"curies":[{"name":"wp","href":"https:\/\/api.w.org\/{rel}","templated":true}]}}